{"id":83,"date":"2019-11-15T15:42:49","date_gmt":"2019-11-15T15:42:49","guid":{"rendered":"https:\/\/planaiperle.com\/?page_id=83"},"modified":"2021-11-11T15:49:19","modified_gmt":"2021-11-11T15:49:19","slug":"preise","status":"publish","type":"page","link":"https:\/\/planaiperle.com\/index.php\/preise\/","title":{"rendered":"Preise"},"content":{"rendered":"<h4 style=\"text-align: center;\"><a href=\"\/index.php\/preise\/sommerpreise\/\">Sommerpreise<\/a> | <a href=\"\/index.php\/preise\/sommerpreise\/\">Winterpreise<\/a><\/h4>\n<p><a href=\"https:\/\/planaiperle.com\/wp-content\/uploads\/2019\/11\/Grundriss_PP1.jpg\" data-elementor-open-lightbox=\"default\"><br \/>\n<img decoding=\"async\" loading=\"lazy\" width=\"1024\" height=\"872\" src=\"https:\/\/planaiperle.com\/wp-content\/uploads\/2019\/11\/Grundriss_PP1-1024x872.jpg\" alt=\"\" srcset=\"https:\/\/planaiperle.com\/wp-content\/uploads\/2019\/11\/Grundriss_PP1-1024x872.jpg 1024w, https:\/\/planaiperle.com\/wp-content\/uploads\/2019\/11\/Grundriss_PP1-300x255.jpg 300w, https:\/\/planaiperle.com\/wp-content\/uploads\/2019\/11\/Grundriss_PP1-768x654.jpg 768w, https:\/\/planaiperle.com\/wp-content\/uploads\/2019\/11\/Grundriss_PP1-600x511.jpg 600w, https:\/\/planaiperle.com\/wp-content\/uploads\/2019\/11\/Grundriss_PP1.jpg 1530w\" sizes=\"(max-width: 1024px) 100vw, 1024px\">\t\t\t\t\t\t\t\t<\/a><\/p>\n<h4>Planaiperle I<\/h4>\n<p style=\"text-size: 0.5 rem !important;\">Appartement f\u00fcr 6 Personen<br \/>\n97m\u00b2 | 3 Schlafzimmer | Terrasse<\/p>\n<h2>Saison A<\/h2>\n<h4>27.04. &#8211; 28.05.2020<\/h4>\n<p>\u20ac120\/Nacht<\/p>\n<p>excl. N\u00e4chtigungsabgabe &amp; Reinigungskosten<br \/>\nPreis f\u00fcr 6 Personen<br \/>\n(exclusive Reinigungskosten &amp; N\u00e4chtigungsabgabe)<\/p>\n<p>Sommercard<\/p>\n<h2>Saison B<\/h2>\n<h4>29.05. &#8211; 14.06.2020<\/h4>\n<p>\u20ac140\/Nacht<\/p>\n<p>excl. N\u00e4chtigungsabgabe &amp; Reinigungskosten<br \/>\nPreis f\u00fcr 6 Personen<br \/>\n(exclusive Reinigungskosten &amp; N\u00e4chtigungsabgabe)<\/p>\n<p>Sommercard<\/p>\n<h2>Saison C<\/h2>\n<h4>15.06. &#8211; 13.09.2020<\/h4>\n<p>\u20ac160\/Nacht<\/p>\n<p>excl. N\u00e4chtigungsabgabe &amp; Reinigungskosten<br \/>\nPreis f\u00fcr 6 Personen<br \/>\n(exclusive Reinigungskosten &amp; N\u00e4chtigungsabgabe)<\/p>\n<p>Sommercard<\/p>\n<h2>Saison D<\/h2>\n<h4>14.09. &#8211; 13.10.2020<\/h4>\n<p>\u20ac140\/Nacht<\/p>\n<p>excl. N\u00e4chtigungsabgabe &amp; Reinigungskosten<br \/>\nPreis f\u00fcr 6 Personen<br \/>\n(exclusive Reinigungskosten &amp; N\u00e4chtigungsabgabe)<\/p>\n<p>Sommercard<\/p>\n<h2>Saison E<\/h2>\n<h4>14.10. &#8211; 08.11.2020<\/h4>\n<p>\u20ac120\/Nacht<\/p>\n<p>excl. N\u00e4chtigungsabgabe &amp; Reinigungskosten<br \/>\nPreis f\u00fcr 6 Personen<br \/>\n(exclusive Reinigungskosten &amp; N\u00e4chtigungsabgabe)<\/p>\n<p>Sommercard<br \/>\n<a href=\"https:\/\/planaiperle.com\/wp-content\/uploads\/2019\/11\/Grundriss_PP1.jpg\" data-elementor-open-lightbox=\"default\"><br \/>\n<img decoding=\"async\" loading=\"lazy\" width=\"1024\" height=\"872\" src=\"https:\/\/planaiperle.com\/wp-content\/uploads\/2019\/11\/Grundriss_PP1-1024x872.jpg\" alt=\"\" srcset=\"https:\/\/planaiperle.com\/wp-content\/uploads\/2019\/11\/Grundriss_PP1-1024x872.jpg 1024w, https:\/\/planaiperle.com\/wp-content\/uploads\/2019\/11\/Grundriss_PP1-300x255.jpg 300w, https:\/\/planaiperle.com\/wp-content\/uploads\/2019\/11\/Grundriss_PP1-768x654.jpg 768w, https:\/\/planaiperle.com\/wp-content\/uploads\/2019\/11\/Grundriss_PP1-600x511.jpg 600w, https:\/\/planaiperle.com\/wp-content\/uploads\/2019\/11\/Grundriss_PP1.jpg 1530w\" sizes=\"(max-width: 1024px) 100vw, 1024px\">\t\t\t\t\t\t\t\t<\/a><\/p>\n<h4>Planaiperle I<\/h4>\n<p style=\"text-size: 0.5 rem !important;\">Appartement f\u00fcr 6 Personen<br \/>\n97m\u00b2 | 3 Schlafzimmer | Terrasse<\/p>\n<h2>Saison A<\/h2>\n<h4>27.04. &#8211; 28.05.2020<\/h4>\n<p>\u20ac120\/Nacht<\/p>\n<p>excl. N\u00e4chtigungsabgabe &amp; Reinigungskosten<br \/>\nPreis f\u00fcr 6 Personen<br \/>\n(exclusive Reinigungskosten &amp; N\u00e4chtigungsabgabe)<\/p>\n<p>Sommercard<\/p>\n<h2>Saison B<\/h2>\n<h4>29.05. &#8211; 14.06.2020<\/h4>\n<p>\u20ac140\/Nacht<\/p>\n<p>excl. N\u00e4chtigungsabgabe &amp; Reinigungskosten<br \/>\nPreis f\u00fcr 6 Personen<br \/>\n(exclusive Reinigungskosten &amp; N\u00e4chtigungsabgabe)<\/p>\n<p>Sommercard<\/p>\n<h2>Saison C<\/h2>\n<h4>15.06. &#8211; 13.09.2020<\/h4>\n<p>\u20ac160\/Nacht<\/p>\n<p>excl. N\u00e4chtigungsabgabe &amp; Reinigungskosten<br \/>\nPreis f\u00fcr 6 Personen<br \/>\n(exclusive Reinigungskosten &amp; N\u00e4chtigungsabgabe)<\/p>\n<p>Sommercard<\/p>\n<h2>Saison D<\/h2>\n<h4>14.09. &#8211; 13.10.2020<\/h4>\n<p>\u20ac140\/Nacht<\/p>\n<p>excl. N\u00e4chtigungsabgabe &amp; Reinigungskosten<br \/>\nPreis f\u00fcr 6 Personen<br \/>\n(exclusive Reinigungskosten &amp; N\u00e4chtigungsabgabe)<\/p>\n<p>Sommercard<\/p>\n<h2>Saison E<\/h2>\n<h4>14.10. &#8211; 08.11.2020<\/h4>\n<p>\u20ac120\/Nacht<\/p>\n<p>excl. N\u00e4chtigungsabgabe &amp; Reinigungskosten<br \/>\nPreis f\u00fcr 6 Personen<br \/>\n(exclusive Reinigungskosten &amp; N\u00e4chtigungsabgabe)<\/p>\n<p>Sommercard<\/p>\n","protected":false},"excerpt":{"rendered":"<p>Sommerpreise | Winterpreise Planaiperle I Appartement f\u00fcr 6 Personen 97m\u00b2 | 3 Schlafzimmer | Terrasse Saison A 27.04. &#8211; 28.05.2020 \u20ac120\/Nacht excl. N\u00e4chtigungsabgabe &amp; Reinigungskosten Preis f\u00fcr 6 Personen (exclusive Reinigungskosten &amp; N\u00e4chtigungsabgabe) Sommercard Saison B 29.05. &#8211; 14.06.2020 \u20ac140\/Nacht excl. N\u00e4chtigungsabgabe &amp; Reinigungskosten Preis f\u00fcr 6 Personen (exclusive Reinigungskosten &amp; N\u00e4chtigungsabgabe) Sommercard Saison C [&hellip;]<\/p>\n","protected":false},"author":1,"featured_media":0,"parent":0,"menu_order":4,"comment_status":"closed","ping_status":"closed","template":"","meta":[],"_links":{"self":[{"href":"https:\/\/planaiperle.com\/index.php\/wp-json\/wp\/v2\/pages\/83"}],"collection":[{"href":"https:\/\/planaiperle.com\/index.php\/wp-json\/wp\/v2\/pages"}],"about":[{"href":"https:\/\/planaiperle.com\/index.php\/wp-json\/wp\/v2\/types\/page"}],"author":[{"embeddable":true,"href":"https:\/\/planaiperle.com\/index.php\/wp-json\/wp\/v2\/users\/1"}],"replies":[{"embeddable":true,"href":"https:\/\/planaiperle.com\/index.php\/wp-json\/wp\/v2\/comments?post=83"}],"version-history":[{"count":42,"href":"https:\/\/planaiperle.com\/index.php\/wp-json\/wp\/v2\/pages\/83\/revisions"}],"predecessor-version":[{"id":1273,"href":"https:\/\/planaiperle.com\/index.php\/wp-json\/wp\/v2\/pages\/83\/revisions\/1273"}],"wp:attachment":[{"href":"https:\/\/planaiperle.com\/index.php\/wp-json\/wp\/v2\/media?parent=83"}],"curies":[{"name":"wp","href":"https:\/\/api.w.org\/{rel}","templated":true}]}}